{"id":374,"date":"2021-02-04T14:26:58","date_gmt":"2021-02-04T14:26:58","guid":{"rendered":"http:\/\/www.centrastudies.org\/?page_id=374"},"modified":"2025-05-30T12:58:28","modified_gmt":"2025-05-30T10:58:28","slug":"team","status":"publish","type":"page","link":"http:\/\/www.centrastudies.org\/?page_id=374","title":{"rendered":"Team"},"content":{"rendered":"[vc_row type=&#8221;full_width_background&#8221; full_screen_row_position=&#8221;middle&#8221; column_margin=&#8221;default&#8221; column_direction=&#8221;default&#8221; column_direction_tablet=&#8221;default&#8221; column_direction_phone=&#8221;default&#8221; bg_color=&#8221;#d8d8d8&#8243; scene_position=&#8221;center&#8221; text_color=&#8221;dark&#8221; text_align=&#8221;left&#8221; row_border_radius=&#8221;none&#8221; row_border_radius_applies=&#8221;bg&#8221; overlay_strength=&#8221;0.3&#8243; gradient_direction=&#8221;left_to_right&#8221; shape_divider_position=&#8221;bottom&#8221; bg_image_animation=&#8221;none&#8221; shape_type=&#8221;&#8221;][vc_column column_padding=&#8221;no-extra-padding&#8221; column_padding_tablet=&#8221;inherit&#8221; column_padding_phone=&#8221;inherit&#8221; column_padding_position=&#8221;all&#8221; background_color_opacity=&#8221;1&#8243; background_hover_color_opacity=&#8221;1&#8243; column_shadow=&#8221;none&#8221; column_border_radius=&#8221;none&#8221; column_link_target=&#8221;_self&#8221; gradient_direction=&#8221;left_to_right&#8221; overlay_strength=&#8221;0.3&#8243; width=&#8221;1\/1&#8243; tablet_width_inherit=&#8221;default&#8221; tablet_text_alignment=&#8221;default&#8221; phone_text_alignment=&#8221;default&#8221; column_border_width=&#8221;none&#8221; column_border_style=&#8221;solid&#8221; bg_image_animation=&#8221;none&#8221;][divider line_type=&#8221;No Line&#8221; custom_height=&#8221;260px&#8221;][\/vc_column][\/vc_row][vc_row type=&#8221;full_width_background&#8221; full_screen_row_position=&#8221;middle&#8221; column_margin=&#8221;default&#8221; column_direction=&#8221;default&#8221; column_direction_tablet=&#8221;default&#8221; column_direction_phone=&#8221;default&#8221; bg_color=&#8221;#d8d8d8&#8243; scene_position=&#8221;center&#8221; text_color=&#8221;dark&#8221; text_align=&#8221;left&#8221; row_border_radius=&#8221;none&#8221; row_border_radius_applies=&#8221;bg&#8221; overlay_strength=&#8221;0.3&#8243; gradient_direction=&#8221;left_to_right&#8221; shape_divider_position=&#8221;bottom&#8221; bg_image_animation=&#8221;none&#8221; shape_type=&#8221;&#8221;][vc_column column_padding=&#8221;no-extra-padding&#8221; column_padding_tablet=&#8221;inherit&#8221; column_padding_phone=&#8221;inherit&#8221; column_padding_position=&#8221;all&#8221; background_color_opacity=&#8221;1&#8243; background_hover_color_opacity=&#8221;1&#8243; column_shadow=&#8221;none&#8221; column_border_radius=&#8221;none&#8221; column_link_target=&#8221;_self&#8221; gradient_direction=&#8221;left_to_right&#8221; overlay_strength=&#8221;0.3&#8243; width=&#8221;1\/4&#8243; tablet_width_inherit=&#8221;default&#8221; tablet_text_alignment=&#8221;default&#8221; phone_text_alignment=&#8221;default&#8221; column_border_width=&#8221;none&#8221; column_border_style=&#8221;solid&#8221; bg_image_animation=&#8221;none&#8221;][vc_custom_heading text=&#8221;A NETWORK OF SCHOLARS DEDICATED TO THE HISTORY OF RACISM AND ANTI-RACISM IN MODERN ITALY&#8221; use_theme_fonts=&#8221;yes&#8221;][\/vc_column][vc_column column_padding=&#8221;no-extra-padding&#8221; column_padding_tablet=&#8221;inherit&#8221; column_padding_phone=&#8221;inherit&#8221; column_padding_position=&#8221;all&#8221; background_color_opacity=&#8221;1&#8243; background_hover_color_opacity=&#8221;1&#8243; column_shadow=&#8221;none&#8221; column_border_radius=&#8221;none&#8221; column_link_target=&#8221;_self&#8221; gradient_direction=&#8221;left_to_right&#8221; overlay_strength=&#8221;0.3&#8243; width=&#8221;3\/4&#8243; tablet_width_inherit=&#8221;default&#8221; tablet_text_alignment=&#8221;default&#8221; phone_text_alignment=&#8221;default&#8221; column_border_width=&#8221;none&#8221; column_border_style=&#8221;solid&#8221; bg_image_animation=&#8221;none&#8221;][vc_row_inner column_margin=&#8221;default&#8221; column_direction=&#8221;default&#8221; column_direction_tablet=&#8221;default&#8221; column_direction_phone=&#8221;default&#8221; text_align=&#8221;left&#8221;][vc_column_inner column_padding=&#8221;no-extra-padding&#8221; column_padding_tablet=&#8221;inherit&#8221; column_padding_phone=&#8221;inherit&#8221; column_padding_position=&#8221;all&#8221; background_color_opacity=&#8221;1&#8243; background_hover_color_opacity=&#8221;1&#8243; column_shadow=&#8221;none&#8221; column_border_radius=&#8221;none&#8221; column_link_target=&#8221;_self&#8221; gradient_direction=&#8221;left_to_right&#8221; overlay_strength=&#8221;0.3&#8243; width=&#8221;1\/2&#8243; tablet_width_inherit=&#8221;default&#8221; column_border_width=&#8221;none&#8221; column_border_style=&#8221;solid&#8221; bg_image_animation=&#8221;none&#8221;][vc_custom_heading text=&#8221;Director&#8221; font_container=&#8221;tag:h3|text_align:left&#8221; use_theme_fonts=&#8221;yes&#8221;][team_member image_url=&#8221;474&#8243; bio_alt_image_url=&#8221;474&#8243; team_memeber_style=&#8221;bio_fullscreen_alt&#8221; image_loading=&#8221;default&#8221; name=&#8221;Guri Schwarz&#8221; job_position=&#8221;Associate Professor of Contemporary History, University of Genoa&#8221; team_member_bio=&#8221;I received a PhD in History from the Scuola Normale Superiore (Pisa). Before joining the University of Genoa in 2017 I\u2019ve held visiting or research fellowship in various institutions, including the Luigi Einaudi Foundation, the Deutsches Historisches Institut-Rome, the International Institute for Holocaust Research (Yad Vashem), UCL, and UCLA. I am one of the founding editors of the ejournal \u201cQuest. Issues in Contemporary Jewish History\u201d and have co-founded and co-edit the Routledge Studies in the Modern History of Italy series. I edited (or co-edited) five volumes and authored (or co-authored) four books, including After Mussolini: Jewish Life and Jewish Memories in Post-Fascist Italy, London-Portland (Or.), Vallentine Mitchell, 2012. My current research concerns Holocaust analogies and their employment for anti-racist mobilization.&#8221; team_member_mini_bio=&#8221;(antisemitism; memory politics; Holocaust memory and anti-racist mobilization)&#8221;][\/vc_column_inner][vc_column_inner column_padding=&#8221;no-extra-padding&#8221; column_padding_tablet=&#8221;inherit&#8221; column_padding_phone=&#8221;inherit&#8221; column_padding_position=&#8221;all&#8221; background_color_opacity=&#8221;1&#8243; background_hover_color_opacity=&#8221;1&#8243; column_shadow=&#8221;none&#8221; column_border_radius=&#8221;none&#8221; column_link_target=&#8221;_self&#8221; gradient_direction=&#8221;left_to_right&#8221; overlay_strength=&#8221;0.3&#8243; width=&#8221;1\/2&#8243; tablet_width_inherit=&#8221;default&#8221; column_border_width=&#8221;none&#8221; column_border_style=&#8221;solid&#8221; bg_image_animation=&#8221;none&#8221;][team_member image_url=&#8221;473&#8243; bio_alt_image_url=&#8221;470&#8243; team_memeber_style=&#8221;bio_fullscreen_alt&#8221; image_loading=&#8221;default&#8221; name=&#8221;Francesco Cassata&#8221; job_position=&#8221;Professor of Contemporary History, University of Genoa&#8221; team_member_bio=&#8221;I am Professor of Contemporary History at the University of Genoa (DAFIST). I have published on the history of eugenics and scientific racism in Italy, on the history of Lysenkoism in Italy, on the history of genetics and molecular biology. I am member of the History of Race and Eugenics Research Group (Oxford Brookes) and of the International Working Group on Lysenkoism (CUNY, New York). I am also member of the Board of Directors of the International Association for Comparative Fascist Studies (Comfas). I am editor-in-chief of the Annals of the Luigi Einaudi Foundation. An interdisciplinary Journal of Economics, History and Political Science.<br \/>\nSelect publications: Science-Fiction? 7th Primo Levi Lecture (Einaudi, 2016); Eugenetica senza tab\u00f9. Usi e abusi di un concetto (Einaudi, 2015); L\u2019Italia intelligente. Adriano Buzzati-Traverso e il Laboratorio internazionale di genetica e biofisica (Donzelli, 2013); Building the New Man. Eugenics, Racial science and Genetics in Twentieth Century Italy (Central European University Press, 2011); \u201cLa Difesa della razza\u201d. Politica, ideologia e immagine del razzismo fascista (Einaudi, 2008).&#8221; team_member_mini_bio=&#8221;(eugenics; racial science; scientific anti-racism)&#8221;][\/vc_column_inner][\/vc_row_inner][\/vc_column][\/vc_row][vc_row type=&#8221;full_width_background&#8221; full_screen_row_position=&#8221;middle&#8221; column_margin=&#8221;default&#8221; column_direction=&#8221;default&#8221; column_direction_tablet=&#8221;default&#8221; column_direction_phone=&#8221;default&#8221; bg_color=&#8221;#d8d8d8&#8243; scene_position=&#8221;center&#8221; text_color=&#8221;dark&#8221; text_align=&#8221;left&#8221; row_border_radius=&#8221;none&#8221; row_border_radius_applies=&#8221;bg&#8221; overlay_strength=&#8221;0.3&#8243; gradient_direction=&#8221;left_to_right&#8221; shape_divider_position=&#8221;bottom&#8221; bg_image_animation=&#8221;none&#8221; shape_type=&#8221;&#8221;][vc_column column_padding=&#8221;no-extra-padding&#8221; column_padding_tablet=&#8221;inherit&#8221; column_padding_phone=&#8221;inherit&#8221; column_padding_position=&#8221;all&#8221; background_color_opacity=&#8221;1&#8243; background_hover_color_opacity=&#8221;1&#8243; column_shadow=&#8221;none&#8221; column_border_radius=&#8221;none&#8221; column_link_target=&#8221;_self&#8221; gradient_direction=&#8221;left_to_right&#8221; overlay_strength=&#8221;0.3&#8243; width=&#8221;1\/3&#8243; tablet_width_inherit=&#8221;default&#8221; tablet_text_alignment=&#8221;default&#8221; phone_text_alignment=&#8221;default&#8221; column_border_width=&#8221;none&#8221; column_border_style=&#8221;solid&#8221; bg_image_animation=&#8221;none&#8221;][team_member image_url=&#8221;872&#8243; bio_alt_image_url=&#8221;872&#8243; team_memeber_style=&#8221;bio_fullscreen_alt&#8221; image_loading=&#8221;default&#8221; name=&#8221;Samuel Agbamu&#8221; job_position=&#8221;Post-doctoral researcher, Royal Holloway, University of London, from January 2022&#8243; team_member_mini_bio=&#8221;(classicism; fascism; colonialism; classics and antiracism)&#8221; team_member_bio=&#8221;I research the uses of Latin and classical antiquity in modern projects of colonialism and racism. I hold a PhD in Classics from King\u2019s College London, with a thesis on modern Italian imperialism in Africa and its uses of the history of Roman imperialism in Africa, which I am turning into a book for Oxford University Press. I currently teach Latin and Classics at a sixth form college in Cambridge, and will be joining Royal Holloway, University of London as a Leverhulme Early Career Fellow in January 2022. My additional research interests include Black and Africana Classical Reception and anti-racism in Classics.&#8221;][\/vc_column][vc_column column_padding=&#8221;no-extra-padding&#8221; column_padding_tablet=&#8221;inherit&#8221; column_padding_phone=&#8221;inherit&#8221; column_padding_position=&#8221;all&#8221; background_color_opacity=&#8221;1&#8243; background_hover_color_opacity=&#8221;1&#8243; column_shadow=&#8221;none&#8221; column_border_radius=&#8221;none&#8221; column_link_target=&#8221;_self&#8221; gradient_direction=&#8221;left_to_right&#8221; overlay_strength=&#8221;0.3&#8243; width=&#8221;1\/3&#8243; tablet_width_inherit=&#8221;default&#8221; tablet_text_alignment=&#8221;default&#8221; phone_text_alignment=&#8221;default&#8221; column_border_width=&#8221;none&#8221; column_border_style=&#8221;solid&#8221; bg_image_animation=&#8221;none&#8221;][team_member image_url=&#8221;476&#8243; bio_alt_image_url=&#8221;476&#8243; team_memeber_style=&#8221;bio_fullscreen_alt&#8221; image_loading=&#8221;default&#8221; name=&#8221;Enrica Asquer&#8221; job_position=&#8221;Assistant Professor of Contemporary History, University of Genoa&#8221; team_member_mini_bio=&#8221;(citizenship; anti-Jewish legislation; petitions; microanalysis; race &amp; gender)&#8221; team_member_bio=&#8221;I am Assistant Professor of Contemporary History at the University of Genova. My main field of interest is the social and cultural history of Twentieth century Europe, with a focus on family, women\u2019s and gender history, the history of consumption and, more recently, the history of citizenship and its connections with antisemitism. My current research project investigates the introduction of anti-Jewish legislation in Fascist Italy and Vichy France, focusing on how Jews petitioned the authorities in order to mitigate the effects of the racist measures and to benefit from some derogatory treatments. Recent publications: Rivendicare l\u2019appartenenza. Suppliche e domande di deroga allo Statut des Juifs nella Francia di Vichy, \u201cQuaderni storici\u201d, 160, 1(2019), 225-258; Scrivere alla Demorazza. Le domande di discriminazione delle donne \u201cdi razza ebraica\u201d e il conflitto sulla cittadinanza nell\u2019Italia del 1938, \u201cItalia contemporanea\u201d, 287, 2018, 213-242 (open access).&#8221;][\/vc_column][vc_column column_padding=&#8221;no-extra-padding&#8221; column_padding_tablet=&#8221;inherit&#8221; column_padding_phone=&#8221;inherit&#8221; column_padding_position=&#8221;all&#8221; background_color_opacity=&#8221;1&#8243; background_hover_color_opacity=&#8221;1&#8243; column_shadow=&#8221;none&#8221; column_border_radius=&#8221;none&#8221; column_link_target=&#8221;_self&#8221; gradient_direction=&#8221;left_to_right&#8221; overlay_strength=&#8221;0.3&#8243; width=&#8221;1\/3&#8243; tablet_width_inherit=&#8221;default&#8221; tablet_text_alignment=&#8221;default&#8221; phone_text_alignment=&#8221;default&#8221; column_border_width=&#8221;none&#8221; column_border_style=&#8221;solid&#8221; bg_image_animation=&#8221;none&#8221;][team_member image_url=&#8221;376&#8243; bio_alt_image_url=&#8221;376&#8243; team_memeber_style=&#8221;bio_fullscreen_alt&#8221; image_loading=&#8221;default&#8221; name=&#8221;Andrea Avalli&#8221; job_position=&#8221;Post-doc fellow, Scuola Superiore di Studi Storici (San Marino)&#8221; team_member_bio=&#8221;I studied at the University of Genoa, from which I received my PhD in Contemporary History in 2020, in co-tutorship with the Universit\u00e9 de Picardie \u201cJules Verne\u201d. My doctoral research focused on the history of the Etruscan imagery in Italian Fascist culture, and namely in art, literature, archaeology, anthropology, linguistics, and racial theories. I am currently working towards the publication of my dissertation, \u201cThe Etruscan question in Fascist Italy\u201d. My main research interests are the nationalist and racist uses of the ancient past, and the history of scientific racism and antiracism in 20th century Italian culture. I am currently postdoctoral fellow at the Scuola Superiore di Studi Storici in San Marino, studying the history of racism and antiracism in post-fascist Italian social sciences.&#8221; team_member_mini_bio=&#8221;(Racial ideologies in Fascist Italy; anti-racism and UNESCO)&#8221;][\/vc_column][\/vc_row][vc_row type=&#8221;full_width_background&#8221; full_screen_row_position=&#8221;middle&#8221; column_margin=&#8221;default&#8221; column_direction=&#8221;default&#8221; column_direction_tablet=&#8221;default&#8221; column_direction_phone=&#8221;default&#8221; bg_color=&#8221;#d8d8d8&#8243; scene_position=&#8221;center&#8221; text_color=&#8221;dark&#8221; text_align=&#8221;left&#8221; row_border_radius=&#8221;none&#8221; row_border_radius_applies=&#8221;bg&#8221; overlay_strength=&#8221;0.3&#8243; gradient_direction=&#8221;left_to_right&#8221; shape_divider_position=&#8221;bottom&#8221; bg_image_animation=&#8221;none&#8221; shape_type=&#8221;&#8221;][vc_column column_padding=&#8221;no-extra-padding&#8221; column_padding_tablet=&#8221;inherit&#8221; column_padding_phone=&#8221;inherit&#8221; column_padding_position=&#8221;all&#8221; background_color_opacity=&#8221;1&#8243; background_hover_color_opacity=&#8221;1&#8243; column_shadow=&#8221;none&#8221; column_border_radius=&#8221;none&#8221; column_link_target=&#8221;_self&#8221; gradient_direction=&#8221;left_to_right&#8221; overlay_strength=&#8221;0.3&#8243; width=&#8221;1\/3&#8243; tablet_width_inherit=&#8221;default&#8221; tablet_text_alignment=&#8221;default&#8221; phone_text_alignment=&#8221;default&#8221; column_border_width=&#8221;none&#8221; column_border_style=&#8221;solid&#8221; bg_image_animation=&#8221;none&#8221;][team_member image_url=&#8221;377&#8243; bio_alt_image_url=&#8221;377&#8243; team_memeber_style=&#8221;bio_fullscreen_alt&#8221; image_loading=&#8221;default&#8221; name=&#8221;Edoardo Barsotti&#8221; job_position=&#8221;Research Affiliate, University of Genoa&#8221; team_member_mini_bio=&#8221;(Risorgimento; nationalism; race-thinking; antiracism; anthropology; ethnology)&#8221; team_member_bio=&#8221;I am a historian of nationalism and race-thinking in eighteenth- and nineteenth-century Italy (Ph.D. Fordham University, 2019). Among my last publications stand: \u201cAt the Roots of Italian Identity: &#8216;Race&#8217; and &#8216;Nation&#8217; in the Italian Risorgimento, 1796-1870\u201d (London: Routledge, 2021); \u201cRace and Risorgimento: An unexplored chapter of Italian history\u201d Journal of Modern Italian Studies 25, no. 3 (2020): 273-294); \u201c\u2018V\u2019ha bens\u00ec un\u2019Italia e una stirpe italiana congiunta di sangue\u2019: razza e genealogia nazionale nel Risorgimento italiano,\u201d Rassegna Storica del Risorgimento 1, no. 1-2 (February 2021, forthcoming). I am currently working on the birth of an anti-racist discourse among Risorgimento&#8217;s intellectuals.&#8221;][\/vc_column][vc_column column_padding=&#8221;no-extra-padding&#8221; column_padding_tablet=&#8221;inherit&#8221; column_padding_phone=&#8221;inherit&#8221; column_padding_position=&#8221;all&#8221; background_color_opacity=&#8221;1&#8243; background_hover_color_opacity=&#8221;1&#8243; column_shadow=&#8221;none&#8221; column_border_radius=&#8221;none&#8221; column_link_target=&#8221;_self&#8221; gradient_direction=&#8221;left_to_right&#8221; overlay_strength=&#8221;0.3&#8243; width=&#8221;1\/3&#8243; tablet_width_inherit=&#8221;default&#8221; tablet_text_alignment=&#8221;default&#8221; phone_text_alignment=&#8221;default&#8221; column_border_width=&#8221;none&#8221; column_border_style=&#8221;solid&#8221; bg_image_animation=&#8221;none&#8221;][team_member image_url=&#8221;777&#8243; bio_alt_image_url=&#8221;777&#8243; team_memeber_style=&#8221;bio_fullscreen_alt&#8221; image_loading=&#8221;default&#8221; name=&#8221;Simona Berhe&#8221; job_position=&#8221;Post-doc fellow at the University of Bologna&#8221; team_member_mini_bio=&#8221;(African diaspora; citizenship; Italian colonialism; anti-racism movements)&#8221; team_member_bio=&#8221;I am a post-doc fellow at the University of Bologna, where I am currently working on the history of the African intellectual and political diaspora in Italy. My other research fields are: Italian colonial history, colonial citizenship, Eritrean cultural history (with a particular focus on music). Main publications on racism: \u00abForse che il nero aveva prima di oggi comandato a bianchi?\u00bb: gli internati italiani nell\u2019Africa Orientale Tedesca (1915-1916)\u00bb, in \u00abContemporanea\u00bb, 1\/2017; with O. De Napoli, Citizens and Subjects of the Italian Colonies: Legal Constructions and Social Practices, NY, Routledge, forthcoming.&#8221;][\/vc_column][vc_column column_padding=&#8221;no-extra-padding&#8221; column_padding_tablet=&#8221;inherit&#8221; column_padding_phone=&#8221;inherit&#8221; column_padding_position=&#8221;all&#8221; background_color_opacity=&#8221;1&#8243; background_hover_color_opacity=&#8221;1&#8243; column_shadow=&#8221;none&#8221; column_border_radius=&#8221;none&#8221; column_link_target=&#8221;_self&#8221; gradient_direction=&#8221;left_to_right&#8221; overlay_strength=&#8221;0.3&#8243; width=&#8221;1\/3&#8243; tablet_width_inherit=&#8221;default&#8221; tablet_text_alignment=&#8221;default&#8221; phone_text_alignment=&#8221;default&#8221; column_border_width=&#8221;none&#8221; column_border_style=&#8221;solid&#8221; bg_image_animation=&#8221;none&#8221;][team_member image_url=&#8221;477&#8243; bio_alt_image_url=&#8221;477&#8243; team_memeber_style=&#8221;bio_fullscreen_alt&#8221; image_loading=&#8221;default&#8221; name=&#8221;Luc Berlivet&#8221; job_position=&#8221;Researcher, CNRS, Paris (France)&#8221; team_member_mini_bio=&#8221;(Scientific racism; genetics; heredity; eugenics; racial admixture; racial isolates)&#8221; team_member_bio=&#8221;I\u2019m a senior research fellow at the French National Centre for Scientific Research (CNRS), and a lecturer at EHESS, the School for Advanced Studies in Social Sciences, in Paris. For a few years now I have been researching the problematization and successive reproblematization of the relationship between heredity and environment &#8211; nature vs. nurture &#8211; since the turn of the 20th Century. I\u2019m interested in both the history of racism and the history of eugenics. Among my recent publications: \u201c\u2018Chassez le naturel&#8230;&#8217; Les sciences sociales aux prises avec le d\u00e9terminisme biologique\u201d, Annales. Histoire, Sciences Sociales, 2018\/2 (73e ann\u00e9e), p. 443-473; A laboratory for Latin Eugenics: the Italian Committee for the Study of Population Problems and the International Circulation of Eugenic Knowledge (1920s-1940s), \u201cHist\u00f3ria, Ci\u00eancias, Sa\u00fade-Manguinhos\u201d, 2016, vol. 23\/suppl. 1, pp. 51-72.&#8221;][\/vc_column][\/vc_row][vc_row type=&#8221;full_width_background&#8221; full_screen_row_position=&#8221;middle&#8221; column_margin=&#8221;default&#8221; column_direction=&#8221;default&#8221; column_direction_tablet=&#8221;default&#8221; column_direction_phone=&#8221;default&#8221; bg_color=&#8221;#d8d8d8&#8243; scene_position=&#8221;center&#8221; text_color=&#8221;dark&#8221; text_align=&#8221;left&#8221; row_border_radius=&#8221;none&#8221; row_border_radius_applies=&#8221;bg&#8221; overlay_strength=&#8221;0.3&#8243; gradient_direction=&#8221;left_to_right&#8221; shape_divider_position=&#8221;bottom&#8221; bg_image_animation=&#8221;none&#8221; shape_type=&#8221;&#8221;][vc_column column_padding=&#8221;no-extra-padding&#8221; column_padding_tablet=&#8221;inherit&#8221; column_padding_phone=&#8221;inherit&#8221; column_padding_position=&#8221;all&#8221; background_color_opacity=&#8221;1&#8243; background_hover_color_opacity=&#8221;1&#8243; column_shadow=&#8221;none&#8221; column_border_radius=&#8221;none&#8221; column_link_target=&#8221;_self&#8221; gradient_direction=&#8221;left_to_right&#8221; overlay_strength=&#8221;0.3&#8243; width=&#8221;1\/3&#8243; tablet_width_inherit=&#8221;default&#8221; tablet_text_alignment=&#8221;default&#8221; phone_text_alignment=&#8221;default&#8221; column_border_width=&#8221;none&#8221; column_border_style=&#8221;solid&#8221; bg_image_animation=&#8221;none&#8221;][team_member image_url=&#8221;378&#8243; bio_alt_image_url=&#8221;378&#8243; team_memeber_style=&#8221;bio_fullscreen_alt&#8221; image_loading=&#8221;default&#8221; name=&#8221;Elena Cadamuro&#8221; job_position=&#8221;PhD Student, University of Genoa&#8221; team_member_mini_bio=&#8221;(visual culture; photography; colonialism; museum)&#8221; team_member_bio=&#8221;I am PhD student at the Department of Antiquities, Philosophy, History (DAFIST) at University of Genoa. My PhD research revolves around the visual culture concerning the African continent and its national communities in the Italian illustrated magazines (1950-1996). I have contributed to the exhibition \u201cAscari e Schiavoni. Il razzismo coloniale e Venezia\u201d (Ca\u2019 Foscari University of Venice, 2017) and to the project \u201cPostcolonial Italy. Mapping Colonial Heritage\u201d (postcolonialitaly.com). I have recently published the article \u201cRappresentare, esibire, dominare. La fotografia coloniale nelle collezioni De Reali e Puccioni\u201d (Italia contemporanea, 2020\/294).&#8221;][\/vc_column][vc_column column_padding=&#8221;no-extra-padding&#8221; column_padding_tablet=&#8221;inherit&#8221; column_padding_phone=&#8221;inherit&#8221; column_padding_position=&#8221;all&#8221; background_color_opacity=&#8221;1&#8243; background_hover_color_opacity=&#8221;1&#8243; column_shadow=&#8221;none&#8221; column_border_radius=&#8221;none&#8221; column_link_target=&#8221;_self&#8221; gradient_direction=&#8221;left_to_right&#8221; overlay_strength=&#8221;0.3&#8243; width=&#8221;1\/3&#8243; tablet_width_inherit=&#8221;default&#8221; tablet_text_alignment=&#8221;default&#8221; phone_text_alignment=&#8221;default&#8221; column_border_width=&#8221;none&#8221; column_border_style=&#8221;solid&#8221; bg_image_animation=&#8221;none&#8221;][team_member image_url=&#8221;590&#8243; team_memeber_style=&#8221;bio_fullscreen_alt&#8221; image_loading=&#8221;default&#8221; name=&#8221;Angelo Matteo Caglioti&#8221; job_position=&#8221;Assistant Professor of Contemporary History, Barnard College \u2013 Columbia University (US)&#8221; team_member_mini_bio=&#8221;(Scientific racism; fascism; eugenics; colonialism; social theory; expertise)&#8221; team_member_bio=&#8221;I am Assistant Professor of History at Barnard College, Columbia University, where I teach modern European history, environmental history and history of science. My research focuses on Italian colonialism and the history of racial theories in Italian social theory, with particular interest in anthropology and eugenics in the nineteenth and twentieth century. My article \u201cRace, Statistics and Italian Eugenics: Alfredo Niceforo&#8217;s Trajectory from Lombroso to Fascism (1876-1960)\u201d published in the European History Quarterly in 2017 traces the development of Italian scientific racism from its origin in nineteenth-century anthropology to the 1938 Manifesto of Racial Scientists. I am also interested in the relationship between race and environment.&#8221;][\/vc_column][vc_column column_padding=&#8221;no-extra-padding&#8221; column_padding_tablet=&#8221;inherit&#8221; column_padding_phone=&#8221;inherit&#8221; column_padding_position=&#8221;all&#8221; background_color_opacity=&#8221;1&#8243; background_hover_color_opacity=&#8221;1&#8243; column_shadow=&#8221;none&#8221; column_border_radius=&#8221;none&#8221; column_link_target=&#8221;_self&#8221; gradient_direction=&#8221;left_to_right&#8221; overlay_strength=&#8221;0.3&#8243; width=&#8221;1\/3&#8243; tablet_width_inherit=&#8221;default&#8221; tablet_text_alignment=&#8221;default&#8221; phone_text_alignment=&#8221;default&#8221; column_border_width=&#8221;none&#8221; column_border_style=&#8221;solid&#8221; bg_image_animation=&#8221;none&#8221;][team_member image_url=&#8221;478&#8243; bio_alt_image_url=&#8221;478&#8243; team_memeber_style=&#8221;bio_fullscreen_alt&#8221; image_loading=&#8221;default&#8221; name=&#8221;Matteo Caponi&#8221; job_position=&#8221;MSCA Research Fellow, University of Genoa \u2013 Fordham University&#8221; team_member_mini_bio=&#8221;(Roman Catholicism; Anti-Black Racism; Black Question; White Supremacy; Interracialism; Christian Antiracism; Negritude; Decolonization; US Civil Rights Movement; John LaFarge, SJ (1880-1963)&#8221; team_member_bio=&#8221;Since my PhD in History (SNS, Pisa \u2013 Universit\u00e9 Paris Ouest Nanterre-La D\u00e9fense, 2010), I have specialized in the history of modern and contemporary Christianity, with particular emphasis on the intersections between Catholicism, nationalism, warfare, and racism. I am currently Marie Curie fellow at the University of Genova and visiting scholar at Fordham University in New York. My research project US-E AntiRacism \u2013 Catholicism and the \u201cNegro Question\u201d: Religion, Racism, and Antiracism in a Transnational Perspective (United States and Europe, 1934-1968) aims at writing a cultural history of \u2018interracialist\u2019 ideals and practices across church networks, in order to point out how an increasingly globalized focus on the Black Question has framed a new Catholic antiracist sensibility.&#8221;][\/vc_column][\/vc_row][vc_row type=&#8221;full_width_background&#8221; full_screen_row_position=&#8221;middle&#8221; column_margin=&#8221;default&#8221; column_direction=&#8221;default&#8221; column_direction_tablet=&#8221;default&#8221; column_direction_phone=&#8221;default&#8221; bg_color=&#8221;#d8d8d8&#8243; scene_position=&#8221;center&#8221; text_color=&#8221;dark&#8221; text_align=&#8221;left&#8221; row_border_radius=&#8221;none&#8221; row_border_radius_applies=&#8221;bg&#8221; overlay_strength=&#8221;0.3&#8243; gradient_direction=&#8221;left_to_right&#8221; shape_divider_position=&#8221;bottom&#8221; bg_image_animation=&#8221;none&#8221; shape_type=&#8221;&#8221;][vc_column column_padding=&#8221;no-extra-padding&#8221; column_padding_tablet=&#8221;inherit&#8221; column_padding_phone=&#8221;inherit&#8221; column_padding_position=&#8221;all&#8221; background_color_opacity=&#8221;1&#8243; background_hover_color_opacity=&#8221;1&#8243; column_shadow=&#8221;none&#8221; column_border_radius=&#8221;none&#8221; column_link_target=&#8221;_self&#8221; gradient_direction=&#8221;left_to_right&#8221; overlay_strength=&#8221;0.3&#8243; width=&#8221;1\/3&#8243; tablet_width_inherit=&#8221;default&#8221; tablet_text_alignment=&#8221;default&#8221; phone_text_alignment=&#8221;default&#8221; column_border_width=&#8221;none&#8221; column_border_style=&#8221;solid&#8221; bg_image_animation=&#8221;none&#8221;][team_member image_url=&#8221;441&#8243; bio_alt_image_url=&#8221;441&#8243; team_memeber_style=&#8221;bio_fullscreen_alt&#8221; image_loading=&#8221;default&#8221; name=&#8221;Annalisa Capristo&#8221; job_position=&#8221;Indipendent Researcher, Center for American Studies, Rome&#8221; team_member_mini_bio=&#8221;(Antisemitism\/Racisms; Holocaust Studies; Minority rights; Anti-Semitic propaganda)&#8221; team_member_bio=&#8221;I\u2019m head librarian at the Center for American Studies in Rome, Italy. My research focuses on anti-Semitic and racial laws in Fascist Italy, on which I have published several books and papers. In 2019, I co-edited a special issue of The Journal of Modern Italian Studies on the eightieth anniversary of the Racial Laws.<br \/>\nComplete CV and list of publications: https:\/\/independent.academia.edu\/AnnalisaCapristo&#8221;][\/vc_column][vc_column column_padding=&#8221;no-extra-padding&#8221; column_padding_tablet=&#8221;inherit&#8221; column_padding_phone=&#8221;inherit&#8221; column_padding_position=&#8221;all&#8221; background_color_opacity=&#8221;1&#8243; background_hover_color_opacity=&#8221;1&#8243; column_shadow=&#8221;none&#8221; column_border_radius=&#8221;none&#8221; column_link_target=&#8221;_self&#8221; gradient_direction=&#8221;left_to_right&#8221; overlay_strength=&#8221;0.3&#8243; width=&#8221;1\/3&#8243; tablet_width_inherit=&#8221;default&#8221; tablet_text_alignment=&#8221;default&#8221; phone_text_alignment=&#8221;default&#8221; column_border_width=&#8221;none&#8221; column_border_style=&#8221;solid&#8221; bg_image_animation=&#8221;none&#8221;][team_member image_url=&#8221;557&#8243; bio_alt_image_url=&#8221;557&#8243; team_memeber_style=&#8221;bio_fullscreen_alt&#8221; image_loading=&#8221;default&#8221; name=&#8221;Michele Colucci&#8221; job_position=&#8221;Researcher CNR &#8211; Institute for Studies on Mediterranean Societies&#8221; team_member_mini_bio=&#8221;(Migration; Labour policies; Anti-racist social movements)&#8221; team_member_bio=&#8221;I am a researcher at the National Research Council &#8211; Institute for Mediterranean Studies. I deal mainly with contemporary history, with particular attention to migration, labour and social policies. Recently, I have been studying the history of foreign immigration in Italy from 1945 to the present day. I am the scientific head of the CNR research unit \u201cHistory of Mediterranean migrations in the contemporary age\u201d. In 2019 I won the National Prize for Scientific Dissemination, Human Sciences section. Since 2014, I have been the editor of the Annual Reports on internal migration in Italy, together with Stefano Gallo.&#8221;][\/vc_column][vc_column column_padding=&#8221;no-extra-padding&#8221; column_padding_tablet=&#8221;inherit&#8221; column_padding_phone=&#8221;inherit&#8221; column_padding_position=&#8221;all&#8221; background_color_opacity=&#8221;1&#8243; background_hover_color_opacity=&#8221;1&#8243; column_shadow=&#8221;none&#8221; column_border_radius=&#8221;none&#8221; column_link_target=&#8221;_self&#8221; gradient_direction=&#8221;left_to_right&#8221; overlay_strength=&#8221;0.3&#8243; width=&#8221;1\/3&#8243; tablet_width_inherit=&#8221;default&#8221; tablet_text_alignment=&#8221;default&#8221; phone_text_alignment=&#8221;default&#8221; column_border_width=&#8221;none&#8221; column_border_style=&#8221;solid&#8221; bg_image_animation=&#8221;none&#8221;][team_member image_url=&#8221;379&#8243; bio_alt_image_url=&#8221;379&#8243; team_memeber_style=&#8221;bio_fullscreen_alt&#8221; image_loading=&#8221;default&#8221; name=&#8221;Grazia De Michele&#8221; job_position=&#8221;PhD Student, University of Genoa&#8221; team_member_mini_bio=&#8221;(racism and antiracism; colonialism; post-colonialism; race and education; race and medicine)&#8221; team_member_bio=&#8221;I am a PhD student in History at the University of Genova (DAFIST). I obtained a PhD in Italian Studies from the University of Reading (UK) in 2012 with a dissertation on the history of anti-Southern racism and education in post-war Italy.<br \/>\nAmong my publications are: \u201cLa storia dell&#8217;Africa e del colonialismo italiano nei manuali di storia in uso nelle scuole superiori\u201d (I sentieri della ricerca, 2006); \u201c&#8217;A beautiful moment of bravery and hard work&#8217;: Italian colonialism in post-1945 history high school textbooks (Modern Italy, 2011); \u201c&#8217;Un\u2019inguaribile incapacit\u00e0 di reazione al nuovo ambiente di vita&#8217;. Bambini meridionali al Nord e classi differenziali negli anni \u201950 e \u201960\u201d (Rivista Sperimentale di Freniatria, 2010).&#8221;][\/vc_column][\/vc_row][vc_row type=&#8221;full_width_background&#8221; full_screen_row_position=&#8221;middle&#8221; column_margin=&#8221;default&#8221; column_direction=&#8221;default&#8221; column_direction_tablet=&#8221;default&#8221; column_direction_phone=&#8221;default&#8221; bg_color=&#8221;#d8d8d8&#8243; scene_position=&#8221;center&#8221; text_color=&#8221;dark&#8221; text_align=&#8221;left&#8221; row_border_radius=&#8221;none&#8221; row_border_radius_applies=&#8221;bg&#8221; overlay_strength=&#8221;0.3&#8243; gradient_direction=&#8221;left_to_right&#8221; shape_divider_position=&#8221;bottom&#8221; bg_image_animation=&#8221;none&#8221; shape_type=&#8221;&#8221;][vc_column column_padding=&#8221;no-extra-padding&#8221; column_padding_tablet=&#8221;inherit&#8221; column_padding_phone=&#8221;inherit&#8221; column_padding_position=&#8221;all&#8221; background_color_opacity=&#8221;1&#8243; background_hover_color_opacity=&#8221;1&#8243; column_shadow=&#8221;none&#8221; column_border_radius=&#8221;none&#8221; column_link_target=&#8221;_self&#8221; gradient_direction=&#8221;left_to_right&#8221; overlay_strength=&#8221;0.3&#8243; width=&#8221;1\/3&#8243; tablet_width_inherit=&#8221;default&#8221; tablet_text_alignment=&#8221;default&#8221; phone_text_alignment=&#8221;default&#8221; column_border_width=&#8221;none&#8221; column_border_style=&#8221;solid&#8221; bg_image_animation=&#8221;none&#8221;][team_member image_url=&#8221;380&#8243; bio_alt_image_url=&#8221;380&#8243; team_memeber_style=&#8221;bio_fullscreen_alt&#8221; image_loading=&#8221;default&#8221; name=&#8221;Olindo De Napoli&#8221; job_position=&#8221;Associate Professor of Contemporary History, University of Naples Federico II&#8221; team_member_mini_bio=&#8221;(Racism; Fascism; Law; Colonialism; Colonial rule)&#8221; team_member_bio=&#8221;I am Associate Professor in Modern History at the Department of Social Sciences of the University of Naples Federico II. I have received fellowships by several academic institutions, including the Istituto Nazionale Ferruccio Parri and the Institute for Advanced Study (Princeton). I am currently member of the board of the PhD Programme in Global History and Law, at the Scuola Superiore Meridionale. Among my publications, articles published in international journals on Italian colonialism and Jewish history and the book La prova della razza. Cultura giuridica e razzismo in Italia negli annia Trenta (Le Monnier 2009). Full publications on https:\/\/www.docenti.unina.it\/olindo.denapoli&#8221;][\/vc_column][vc_column column_padding=&#8221;no-extra-padding&#8221; column_padding_tablet=&#8221;inherit&#8221; column_padding_phone=&#8221;inherit&#8221; column_padding_position=&#8221;all&#8221; background_color_opacity=&#8221;1&#8243; background_hover_color_opacity=&#8221;1&#8243; column_shadow=&#8221;none&#8221; column_border_radius=&#8221;none&#8221; column_link_target=&#8221;_self&#8221; gradient_direction=&#8221;left_to_right&#8221; overlay_strength=&#8221;0.3&#8243; width=&#8221;1\/3&#8243; tablet_width_inherit=&#8221;default&#8221; tablet_text_alignment=&#8221;default&#8221; phone_text_alignment=&#8221;default&#8221; column_border_width=&#8221;none&#8221; column_border_style=&#8221;solid&#8221; bg_image_animation=&#8221;none&#8221;][team_member image_url=&#8221;479&#8243; bio_alt_image_url=&#8221;479&#8243; team_memeber_style=&#8221;bio_fullscreen_alt&#8221; image_loading=&#8221;default&#8221; name=&#8221;Valeria Deplano&#8221; job_position=&#8221;Assistant Professor of Contemporary History, University of Cagliari&#8221; team_member_mini_bio=&#8221;(Colonialism; Colonial legacies; Blackness; Whiteness; National identity)&#8221; team_member_bio=&#8221;My research interests concern Italian colonial culture and its legacies, and post-colonial migrations. Racism intertwines with these topics in several ways: while for the fascist period I studied the construction of an imaginary around the \u201cotherness\u201d of colonial subjects, for the post-45 period I dealt with the way a racist mindset influenced the relationship between the Republic and the first Africans present in Italy. At the moment, I am carrying out a research on African students in Italy, who are responsible for the elaboration of discourses on racism in post-colonial Europe. On these topics I wrote La madrepatria \u00e8 una terra straniera (Le Monnier 2017), and Nation, \u2018Race\u2019, and Racisms in Twentieth-Century Italy, (edited with S. Patriarca, Special Issue, Modern Italy, 23 (4) 2018)&#8221;][\/vc_column][vc_column column_padding=&#8221;no-extra-padding&#8221; column_padding_tablet=&#8221;inherit&#8221; column_padding_phone=&#8221;inherit&#8221; column_padding_position=&#8221;all&#8221; background_color_opacity=&#8221;1&#8243; background_hover_color_opacity=&#8221;1&#8243; column_shadow=&#8221;none&#8221; column_border_radius=&#8221;none&#8221; column_link_target=&#8221;_self&#8221; gradient_direction=&#8221;left_to_right&#8221; overlay_strength=&#8221;0.3&#8243; width=&#8221;1\/3&#8243; tablet_width_inherit=&#8221;default&#8221; tablet_text_alignment=&#8221;default&#8221; phone_text_alignment=&#8221;default&#8221; column_border_width=&#8221;none&#8221; column_border_style=&#8221;solid&#8221; bg_image_animation=&#8221;none&#8221;][team_member image_url=&#8221;480&#8243; bio_alt_image_url=&#8221;480&#8243; team_memeber_style=&#8221;bio_fullscreen_alt&#8221; image_loading=&#8221;default&#8221; name=&#8221;Claude-Olivier Doron&#8221; job_position=&#8221;Associate Professor of History and Philosophy of Science, University Paris Diderot (SPHERE, IHSS)&#8221; team_member_bio=&#8221;I am associate professor in history and philosophy of sciences at Universit\u00e9 de Paris (SPHERE\/IHSS). I\u2019m working on a long term history of the concepts of \u201crace\u201d and on racism during the XVIIth-XIXth centuries. My work focuses on the articulation between discourses and practices dealing with race and degeneration in the 17-19th centuries (L\u2019homme alt\u00e9r\u00e9. Races et d\u00e9g\u00e9n\u00e9rescence, Champ Vallon, 2016), on the introduction of the concept of \u201crace\u201d in politics through French liberals and social reformers in the early 19th century (book in preparation, see Le moment lib\u00e9ral de la race, \u201cRevue d\u2019histoire moderne et contemporaine\u201d, 2021) and on the more recent history of the concept of \u201crace\u201d in human population genetics in France. I participate in various programs dealing with the history of race and racism (Globalrace, Relrace and TranSocGen).&#8221; team_member_mini_bio=&#8221;(race and genetics; degeneration; conceptual history of race; race and politics)&#8221;][\/vc_column][\/vc_row][vc_row type=&#8221;full_width_background&#8221; full_screen_row_position=&#8221;middle&#8221; column_margin=&#8221;default&#8221; column_direction=&#8221;default&#8221; column_direction_tablet=&#8221;default&#8221; column_direction_phone=&#8221;default&#8221; bg_color=&#8221;#d8d8d8&#8243; scene_position=&#8221;center&#8221; text_color=&#8221;dark&#8221; text_align=&#8221;left&#8221; row_border_radius=&#8221;none&#8221; row_border_radius_applies=&#8221;bg&#8221; overlay_strength=&#8221;0.3&#8243; gradient_direction=&#8221;left_to_right&#8221; shape_divider_position=&#8221;bottom&#8221; bg_image_animation=&#8221;none&#8221; shape_type=&#8221;&#8221;][vc_column column_padding=&#8221;no-extra-padding&#8221; column_padding_tablet=&#8221;inherit&#8221; column_padding_phone=&#8221;inherit&#8221; column_padding_position=&#8221;all&#8221; background_color_opacity=&#8221;1&#8243; background_hover_color_opacity=&#8221;1&#8243; column_shadow=&#8221;none&#8221; column_border_radius=&#8221;none&#8221; column_link_target=&#8221;_self&#8221; gradient_direction=&#8221;left_to_right&#8221; overlay_strength=&#8221;0.3&#8243; width=&#8221;1\/3&#8243; tablet_width_inherit=&#8221;default&#8221; tablet_text_alignment=&#8221;default&#8221; phone_text_alignment=&#8221;default&#8221; column_border_width=&#8221;none&#8221; column_border_style=&#8221;solid&#8221; bg_image_animation=&#8221;none&#8221;][team_member image_url=&#8221;558&#8243; bio_alt_image_url=&#8221;558&#8243; team_memeber_style=&#8221;bio_fullscreen_alt&#8221; image_loading=&#8221;default&#8221; name=&#8221;Federico Faloppa&#8221; job_position=&#8221;Associate Professor of Italian Studies, University of Reading (UK)&#8221; team_member_mini_bio=&#8221;(discourse; stereotypes; hate speech; ethnic slurs; history of the language; language and power relations)&#8221; team_member_bio=&#8221;I am Associate Professor in Italian Studies and Linguistics in the Department of Cultures and Languages at the University of Reading (UK). For twenty years I have been working on the construction of otherness through language, on language policy and migration, on the representation of minorities and migration phenomena in the media, on racism in language, on language and power relations, on hate speech. On these topics I have published extensively, and written several monographs, such as \u201cParole contro. La rappresentazione del diverso in italiano e nei dialetti\u201d (2004), \u201cRazzisti a parole (per tacer dei fatti)\u201d (2011), \u201cSbiancare un etiope. La pelle cangiante di un t\u00f2pos antico\u201d (2013), \u201cContro il razzismo. Quattro ragionamenti\u201d (with Marco Aime, Guido Barbujani and Clelia Bartoli, 2016), and \u201c#Odio. Manuale di resistenza alla violenza delle parole (2020)\u201d. Since 2018, I have been working as a researcher on hate speech and language and discrimination for Amnesty International Italy. I am the coordinator of the &#8220;Rete nazionale per il contrasto ai discorsi e ai fenomeni d&#8217;odio&#8220;, and a member of the &#8220;Committee of Experts for combating Hate Speech&#8220; of the Council of Europe, which is drafting the new recommendations on hate speech for the 47 state members of CoE.&#8221;][\/vc_column][vc_column column_padding=&#8221;no-extra-padding&#8221; column_padding_tablet=&#8221;inherit&#8221; column_padding_phone=&#8221;inherit&#8221; column_padding_position=&#8221;all&#8221; background_color_opacity=&#8221;1&#8243; background_hover_color_opacity=&#8221;1&#8243; column_shadow=&#8221;none&#8221; column_border_radius=&#8221;none&#8221; column_link_target=&#8221;_self&#8221; gradient_direction=&#8221;left_to_right&#8221; overlay_strength=&#8221;0.3&#8243; width=&#8221;1\/3&#8243; tablet_width_inherit=&#8221;default&#8221; tablet_text_alignment=&#8221;default&#8221; phone_text_alignment=&#8221;default&#8221; column_border_width=&#8221;none&#8221; column_border_style=&#8221;solid&#8221; bg_image_animation=&#8221;none&#8221;][team_member image_url=&#8221;773&#8243; bio_alt_image_url=&#8221;773&#8243; team_memeber_style=&#8221;bio_fullscreen_alt&#8221; image_loading=&#8221;default&#8221; name=&#8221;Cristiana Facchini&#8221; job_position=&#8221;Professor of History of Christianity and Religious Studies, University of Bologna&#8221; team_member_mini_bio=&#8221;(catholic\/christian antisemitism; religion and racism; orientalism; christian-jewish relations)&#8221; team_member_bio=&#8221;I am full professor of History of Christianity and Religious Studies at the University of Bologna. I am an historian specialized in early modern and modern religious history, with a focus on Christian-Jewish relations, history of Judaism and history of Christianity. I also extensively dealt with issues related to theory and methodology in the study of religion. I have held research fellowships at Oxford, Erfurt (where I am a Fellow at the Max Weber Kolleg), Cincinnati, Paris, Jerusalem, Hamburg and I have been visiting professor in Bielefeld (Germany), Haifa (Israel) and UVA (University of Virigina).<br \/>\nI am particularly interested in Christian\/Catholic antisemitism and its historical relationship with other forms of racism. I have also explored how Judaism was racialized within the scholarly debate of the nineteenth and early twentieth century, with a particular focus on the role exerted by ideologies of Orientalism. At the same time, I also investigate how Jews both criticized, subverted, or accepted racialized and essentialized representations of their religion. I have published extensively on these themes in Italian and English (Infamanti dicerie. La prima autodifesa ebraica dall\u2019accusa del sangue, Bologna, 2014; David Castelli. Ebraismo e scienze delle religioni tra Otto e Novecento, Morcelliana, Brescia 2005).&#8221;][\/vc_column][vc_column column_padding=&#8221;no-extra-padding&#8221; column_padding_tablet=&#8221;inherit&#8221; column_padding_phone=&#8221;inherit&#8221; column_padding_position=&#8221;all&#8221; background_color_opacity=&#8221;1&#8243; background_hover_color_opacity=&#8221;1&#8243; column_shadow=&#8221;none&#8221; column_border_radius=&#8221;none&#8221; column_link_target=&#8221;_self&#8221; gradient_direction=&#8221;left_to_right&#8221; overlay_strength=&#8221;0.3&#8243; width=&#8221;1\/3&#8243; tablet_width_inherit=&#8221;default&#8221; tablet_text_alignment=&#8221;default&#8221; phone_text_alignment=&#8221;default&#8221; column_border_width=&#8221;none&#8221; column_border_style=&#8221;solid&#8221; bg_image_animation=&#8221;none&#8221;][team_member image_url=&#8221;774&#8243; bio_alt_image_url=&#8221;774&#8243; team_memeber_style=&#8221;bio_fullscreen_alt&#8221; image_loading=&#8221;default&#8221; name=&#8221;Robert Gordon&#8221; job_position=&#8221;Professor of Italian, University of Cambridge (UK)&#8221; team_member_mini_bio=&#8221;(Holocaust; memory culture in post-war Italy; intersectional memory; Primo Levi)&#8221; team_member_bio=&#8221;I am Serena Professor of Italian at the University of Cambridge (UK). I have worked on various research projects centred on the cultural knowledge and memory of the racial persecution under Fascism and of the Holocaust in post-war Italy (The Holocaust in Italian Culture, Stanford, 2012), with an interest also in its intersections with other forms of memory and the cultural legacies of other genocides (co-ed, Holocaust Intersections, Legenda, 2013; Holocaust Intersections in 21st-century Europe, Quest, 2016). I have also published extensively on the work of Primo Levi (Primo Levi\u2019s Ordinary Virtues, Oxford, 2001; Outrageous Fortune. Luck and the Holocaust, Einaudi, 2010; ed, Auschwitz Report, 2015). I am a member of the advisory board of the Fossoli Foundation.&#8221;][\/vc_column][\/vc_row][vc_row type=&#8221;full_width_background&#8221; full_screen_row_position=&#8221;middle&#8221; column_margin=&#8221;default&#8221; column_direction=&#8221;default&#8221; column_direction_tablet=&#8221;default&#8221; column_direction_phone=&#8221;default&#8221; bg_color=&#8221;#d8d8d8&#8243; scene_position=&#8221;center&#8221; text_color=&#8221;dark&#8221; text_align=&#8221;left&#8221; row_border_radius=&#8221;none&#8221; row_border_radius_applies=&#8221;bg&#8221; overlay_strength=&#8221;0.3&#8243; gradient_direction=&#8221;left_to_right&#8221; shape_divider_position=&#8221;bottom&#8221; bg_image_animation=&#8221;none&#8221; shape_type=&#8221;&#8221;][vc_column column_padding=&#8221;no-extra-padding&#8221; column_padding_tablet=&#8221;inherit&#8221; column_padding_phone=&#8221;inherit&#8221; column_padding_position=&#8221;all&#8221; background_color_opacity=&#8221;1&#8243; background_hover_color_opacity=&#8221;1&#8243; column_shadow=&#8221;none&#8221; column_border_radius=&#8221;none&#8221; column_link_target=&#8221;_self&#8221; gradient_direction=&#8221;left_to_right&#8221; overlay_strength=&#8221;0.3&#8243; width=&#8221;1\/3&#8243; tablet_width_inherit=&#8221;default&#8221; tablet_text_alignment=&#8221;default&#8221; phone_text_alignment=&#8221;default&#8221; column_border_width=&#8221;none&#8221; column_border_style=&#8221;solid&#8221; bg_image_animation=&#8221;none&#8221;][team_member image_url=&#8221;483&#8243; bio_alt_image_url=&#8221;483&#8243; team_memeber_style=&#8221;bio_fullscreen_alt&#8221; image_loading=&#8221;default&#8221; name=&#8221;Antonio Maria Morone&#8221; job_position=&#8221;Associate Professor of Contemporary African History, University of Pavia&#8221; team_member_mini_bio=&#8221;(North Africa; colonialism; migration; memory)&#8221; team_member_bio=&#8221;I am Associate Professor in Contemporary African History at the Department of Political and Social Sciences, University of Pavia. My research deals with colonial and postcolonial societies of North Africa and the Horn of Africa, especially Libya and Somalia. Main publications: La fine del colonialismo. Politica, societ\u00e0 e memorie (a cura di), Le Monnier, Firenze, 2018; Racism: Meticci on the Eve of Colonial Downfall, in Simone Brioni and Shimelis Bonsa Gulema (Eds.), The Horn of Africa and Italy Colonial, Postcolonial and Transnational Cultural Encounters, Peter Lang, New York, 2018.&#8221;][\/vc_column][vc_column column_padding=&#8221;no-extra-padding&#8221; column_padding_tablet=&#8221;inherit&#8221; column_padding_phone=&#8221;inherit&#8221; column_padding_position=&#8221;all&#8221; background_color_opacity=&#8221;1&#8243; background_hover_color_opacity=&#8221;1&#8243; column_shadow=&#8221;none&#8221; column_border_radius=&#8221;none&#8221; column_link_target=&#8221;_self&#8221; gradient_direction=&#8221;left_to_right&#8221; overlay_strength=&#8221;0.3&#8243; width=&#8221;1\/3&#8243; tablet_width_inherit=&#8221;default&#8221; tablet_text_alignment=&#8221;default&#8221; phone_text_alignment=&#8221;default&#8221; column_border_width=&#8221;none&#8221; column_border_style=&#8221;solid&#8221; bg_image_animation=&#8221;none&#8221;][team_member image_url=&#8221;482&#8243; bio_alt_image_url=&#8221;482&#8243; team_memeber_style=&#8221;bio_fullscreen_alt&#8221; image_loading=&#8221;default&#8221; name=&#8221;Silvana Patriarca&#8221; job_position=&#8221;Professor of Contemporary History, Fordham University (US)&#8221; team_member_mini_bio=&#8221;(ideas of national identity\/character\/race in modern Italy; racism and anti-racism in post-1945 Italy; Black Italy)&#8221; team_member_bio=&#8221;My main body of work has focused on the cultural construction of the nation in modern Italy, but recently I have become increasingly interested in the intersection between nation and race. I am currently investigating the intersection between nation and race in post-fascist and postcolonial Italy while also trying to understand the modalities of anti-racism in the culture of the 1960s and 1970s. My book on the racialization of the biracial children born in Italy at the end of the Second World War is due to be released by the end of 2021. An early article based on this project and entitled \u201cFear of Small Numbers: \u2018Brown Babies\u2019 in Postwar Italy\u201d appeared in Contemporanea. Rivista di storia dell\u2019 \u2018800 e del \u2018900 in 2015. In 2018 I also co-edited a special issue of the journal Modern Italy devoted to \u201cNation, \u2018Race,\u2019 and Racisms in Twentieth-Century Italy.\u201d&#8221;][\/vc_column][vc_column column_padding=&#8221;no-extra-padding&#8221; column_padding_tablet=&#8221;inherit&#8221; column_padding_phone=&#8221;inherit&#8221; column_padding_position=&#8221;all&#8221; background_color_opacity=&#8221;1&#8243; background_hover_color_opacity=&#8221;1&#8243; column_shadow=&#8221;none&#8221; column_border_radius=&#8221;none&#8221; column_link_target=&#8221;_self&#8221; gradient_direction=&#8221;left_to_right&#8221; overlay_strength=&#8221;0.3&#8243; width=&#8221;1\/3&#8243; tablet_width_inherit=&#8221;default&#8221; tablet_text_alignment=&#8221;default&#8221; phone_text_alignment=&#8221;default&#8221; column_border_width=&#8221;none&#8221; column_border_style=&#8221;solid&#8221; bg_image_animation=&#8221;none&#8221;][team_member image_url=&#8221;559&#8243; bio_alt_image_url=&#8221;559&#8243; team_memeber_style=&#8221;bio_fullscreen_alt&#8221; image_loading=&#8221;default&#8221; name=&#8221;Emiliano Perra&#8221; job_position=&#8221;Senior Lecturer in Modern European History, University of Winchester (UK)&#8221; team_member_mini_bio=&#8221;(Holocaust and Genocide memory; cultural history; public memory; films and television)&#8221; team_member_bio=&#8221;I am Senior Lecturer in Modern European History at the University of Winchester, UK. I am a cultural historian specialised in the memory and representation of the Holocaust, genocide, and political violence, with a particular focus on films and TV. My research focuses primarily on Italy, but I have also worked on France and Britain and am increasingly drawn to cross-cultural and transnational approaches. I am the author of the monograph Conflicts of Memory: The Reception of Holocaust Films and TV Programmes in Italy: 1945 to the Present (Oxford: Peter Lang, 2010) and have published in, among others, \u201cMemory Studies\u201d, \u201cHolocaust and Genocide Studies\u201d, \u201cQuest: Issues in Contemporary Jewish History\u201d, \u201cJournal of Modern Jewish Studies\u201d, \u201cJournal of War and Culture Studies\u201d, \u201cLa revue d\u2019histoire de la Shoah\u201d, \u201cThe Italianist\u201d, and \u201cCinema e storia\u201d. I am also co-Editor-in-Chief of the Open Access \u201cJournal of Perpetrator Research\u201d (https:\/\/jpr.winchesteruniversitypress.org\/)&#8221;][\/vc_column][\/vc_row][vc_row type=&#8221;full_width_background&#8221; full_screen_row_position=&#8221;middle&#8221; column_margin=&#8221;default&#8221; column_direction=&#8221;default&#8221; column_direction_tablet=&#8221;default&#8221; column_direction_phone=&#8221;default&#8221; bg_color=&#8221;#d8d8d8&#8243; scene_position=&#8221;center&#8221; text_color=&#8221;dark&#8221; text_align=&#8221;left&#8221; row_border_radius=&#8221;none&#8221; row_border_radius_applies=&#8221;bg&#8221; overlay_strength=&#8221;0.3&#8243; gradient_direction=&#8221;left_to_right&#8221; shape_divider_position=&#8221;bottom&#8221; bg_image_animation=&#8221;none&#8221; shape_type=&#8221;&#8221;][vc_column column_padding=&#8221;no-extra-padding&#8221; column_padding_tablet=&#8221;inherit&#8221; column_padding_phone=&#8221;inherit&#8221; column_padding_position=&#8221;all&#8221; background_color_opacity=&#8221;1&#8243; background_hover_color_opacity=&#8221;1&#8243; column_shadow=&#8221;none&#8221; column_border_radius=&#8221;none&#8221; column_link_target=&#8221;_self&#8221; gradient_direction=&#8221;left_to_right&#8221; overlay_strength=&#8221;0.3&#8243; width=&#8221;1\/3&#8243; tablet_width_inherit=&#8221;default&#8221; tablet_text_alignment=&#8221;default&#8221; phone_text_alignment=&#8221;default&#8221; column_border_width=&#8221;none&#8221; column_border_style=&#8221;solid&#8221; bg_image_animation=&#8221;none&#8221;][team_member image_url=&#8221;850&#8243; bio_alt_image_url=&#8221;850&#8243; team_memeber_style=&#8221;bio_fullscreen_alt&#8221; image_loading=&#8221;default&#8221; name=&#8221;Neelam Srivastava&#8221; job_position=&#8221;Professor of Postcolonial and World Literature, Newcastle University&#8221; team_member_mini_bio=&#8221;(Italian colonialism; anticolonialism; Third-Worldism; aesthetics of resistance)&#8221; team_member_bio=&#8221;My current research focuses on Italian colonialism and conversely, the contributions of Italian<br \/>\nthought to postcolonial theory. My 2018 book, Italian Colonialism and Resistances to<br \/>\nEmpire, 1930-1970, provides a cultural history of Italian colonialism in terms of its impact on<br \/>\ntwentieth-century ideas of empire and anti-colonialism. In October 1935, Mussolini\u2019s army<br \/>\nattacked Ethiopia, defying the League of Nations and other European imperial powers. The<br \/>\nbook explores the widespread political and literary responses to the invasion, especially how<br \/>\nPan-Africanism highlighted the racist ideologies at the heart of Italian expansionism in<br \/>\nAfrica. I am also interested in the often overlooked racist and colonialist residues of European<br \/>\nMarxism, highlighting the need to decolonize leftist discourse by retrieving the impact of<br \/>\nThird-Worldist and Global South theories on discourses of resistance within metropolitan<br \/>\nlocations such as Italy, Britain, and France.&#8221;][\/vc_column][vc_column column_padding=&#8221;no-extra-padding&#8221; column_padding_tablet=&#8221;inherit&#8221; column_padding_phone=&#8221;inherit&#8221; column_padding_position=&#8221;all&#8221; background_color_opacity=&#8221;1&#8243; background_hover_color_opacity=&#8221;1&#8243; column_shadow=&#8221;none&#8221; column_border_radius=&#8221;none&#8221; column_link_target=&#8221;_self&#8221; gradient_direction=&#8221;left_to_right&#8221; overlay_strength=&#8221;0.3&#8243; width=&#8221;1\/3&#8243; tablet_width_inherit=&#8221;default&#8221; tablet_text_alignment=&#8221;default&#8221; phone_text_alignment=&#8221;default&#8221; column_border_width=&#8221;none&#8221; column_border_style=&#8221;solid&#8221; bg_image_animation=&#8221;none&#8221;][team_member image_url=&#8221;442&#8243; bio_alt_image_url=&#8221;442&#8243; team_memeber_style=&#8221;bio_fullscreen_alt&#8221; image_loading=&#8221;default&#8221; name=&#8221;Giuliana Tomasella&#8221; job_position=&#8221;Professor of Museology and History of Collecting, University of Padua&#8221; team_member_mini_bio=&#8221;(Visual cultures of racism and anti-racism; colonialism and post-colonialism)&#8221; team_member_bio=&#8221;I teach Museology and History of Collecting, and History of Art Criticism at the University of Padua. I am currently the President of the Museums Center of the University of Padua. My studies have focused on the revision of the concept of modernity carried out by artists and critics in the aftermath of the First World War and on the relationships between art and politics during the Fascist period. Recently, my research is focalizing on the problem of the image of the Black in European art during the colonial period. On this topic I directed the Project \u201cRepresenting otherness. Exhibitions and art trade during the colonial period in Italy\u201d. Recent outcomes of these studies have been G. Tomasella, Esporre l\u2019Italia coloniale. Interpretazioni dell\u2019alterit\u00e0 (2017) and G. Tomasella ed. Il confronto con l&#8217;alterit\u00e0 tra Ottocento e Novecento. Aspetti critici e proposte visive (2020).&#8221;][\/vc_column][\/vc_row][vc_row type=&#8221;full_width_background&#8221; full_screen_row_position=&#8221;middle&#8221; column_margin=&#8221;default&#8221; column_direction=&#8221;default&#8221; column_direction_tablet=&#8221;default&#8221; column_direction_phone=&#8221;default&#8221; scene_position=&#8221;center&#8221; top_padding=&#8221;6%&#8221; bottom_padding=&#8221;6%&#8221; text_color=&#8221;dark&#8221; text_align=&#8221;left&#8221; row_border_radius=&#8221;none&#8221; row_border_radius_applies=&#8221;bg&#8221; overlay_strength=&#8221;0.3&#8243; gradient_direction=&#8221;left_to_right&#8221; shape_divider_position=&#8221;bottom&#8221; bg_image_animation=&#8221;none&#8221; shape_type=&#8221;&#8221;][vc_column column_padding=&#8221;no-extra-padding&#8221; column_padding_tablet=&#8221;inherit&#8221; column_padding_phone=&#8221;inherit&#8221; column_padding_position=&#8221;all&#8221; background_color_opacity=&#8221;1&#8243; background_hover_color_opacity=&#8221;1&#8243; column_shadow=&#8221;none&#8221; column_border_radius=&#8221;none&#8221; column_link_target=&#8221;_self&#8221; gradient_direction=&#8221;left_to_right&#8221; overlay_strength=&#8221;0.3&#8243; width=&#8221;1\/1&#8243; tablet_width_inherit=&#8221;default&#8221; tablet_text_alignment=&#8221;default&#8221; phone_text_alignment=&#8221;default&#8221; column_border_width=&#8221;none&#8221; column_border_style=&#8221;solid&#8221; bg_image_animation=&#8221;none&#8221;][vc_row_inner column_margin=&#8221;default&#8221; column_direction=&#8221;default&#8221; column_direction_tablet=&#8221;default&#8221; column_direction_phone=&#8221;default&#8221; text_align=&#8221;left&#8221;][vc_column_inner column_padding=&#8221;no-extra-padding&#8221; column_padding_tablet=&#8221;inherit&#8221; column_padding_phone=&#8221;inherit&#8221; column_padding_position=&#8221;all&#8221; centered_text=&#8221;true&#8221; background_color_opacity=&#8221;1&#8243; background_hover_color_opacity=&#8221;1&#8243; column_shadow=&#8221;none&#8221; column_border_radius=&#8221;none&#8221; column_link_target=&#8221;_self&#8221; gradient_direction=&#8221;left_to_right&#8221; overlay_strength=&#8221;0.3&#8243; width=&#8221;1\/1&#8243; tablet_width_inherit=&#8221;default&#8221; column_border_width=&#8221;none&#8221; column_border_style=&#8221;solid&#8221; bg_image_animation=&#8221;none&#8221;][nectar_highlighted_text color_type=&#8221;regular&#8221; highlight_color=&#8221;#ff6b30&#8243; text_color=&#8221;#101418&#8243; style=&#8221;half_text&#8221; custom_font_size=&#8221;10vh&#8221;]\n<h2 style=\"text-align: left;\">News &amp; Reviews<\/h2>\n[\/nectar_highlighted_text][\/vc_column_inner][\/vc_row_inner][nectar_blog layout=&#8221;masonry-blog-fullwidth&#8221; blog_masonry_style=&#8221;material&#8221; load_in_animation=&#8221;fade_in&#8221; category=&#8221;news&#8221; order=&#8221;DESC&#8221; orderby=&#8221;date&#8221; blog_remove_post_date=&#8221;true&#8221; blog_remove_post_author=&#8221;true&#8221; blog_remove_post_comment_number=&#8221;true&#8221; blog_remove_post_nectar_love=&#8221;true&#8221; posts_per_page=&#8221;3&#8243;][vc_row_inner column_margin=&#8221;default&#8221; column_direction=&#8221;default&#8221; column_direction_tablet=&#8221;default&#8221; column_direction_phone=&#8221;default&#8221; text_align=&#8221;left&#8221;][vc_column_inner column_padding=&#8221;no-extra-padding&#8221; column_padding_tablet=&#8221;inherit&#8221; column_padding_phone=&#8221;inherit&#8221; column_padding_position=&#8221;all&#8221; bottom_margin=&#8221;20&#8243; centered_text=&#8221;true&#8221; background_color_opacity=&#8221;1&#8243; background_hover_color_opacity=&#8221;1&#8243; column_shadow=&#8221;none&#8221; column_border_radius=&#8221;none&#8221; column_link_target=&#8221;_self&#8221; gradient_direction=&#8221;left_to_right&#8221; overlay_strength=&#8221;0.3&#8243; width=&#8221;1\/1&#8243; tablet_width_inherit=&#8221;default&#8221; column_border_width=&#8221;none&#8221; column_border_style=&#8221;solid&#8221; bg_image_animation=&#8221;none&#8221;][nectar_cta btn_style=&#8221;material&#8221; heading_tag=&#8221;h4&#8243; text_color=&#8221;#f7a12e&#8221; link_type=&#8221;regular&#8221; alignment=&#8221;center&#8221; display=&#8221;block&#8221; text=&#8221;Like what you see?&#8221; link_text=&#8221;Read more posts&#8221; url=&#8221;http:\/\/www.centrastudies.org\/?page_id=505&#8243;][\/vc_column_inner][\/vc_row_inner][\/vc_column][\/vc_row]\n","protected":false},"excerpt":{"rendered":"<p>[vc_row type=&#8221;full_width_background&#8221; full_screen_row_position=&#8221;middle&#8221; column_margin=&#8221;default&#8221; column_direction=&#8221;default&#8221; column_direction_tablet=&#8221;default&#8221; column_direction_phone=&#8221;default&#8221; bg_color=&#8221;#d8d8d8&#8243; scene_position=&#8221;center&#8221; text_color=&#8221;dark&#8221; text_align=&#8221;left&#8221; row_border_radius=&#8221;none&#8221; row_border_radius_applies=&#8221;bg&#8221; overlay_strength=&#8221;0.3&#8243; gradient_direction=&#8221;left_to_right&#8221; shape_divider_position=&#8221;bottom&#8221; bg_image_animation=&#8221;none&#8221; shape_type=&#8221;&#8221;][vc_column column_padding=&#8221;no-extra-padding&#8221; column_padding_tablet=&#8221;inherit&#8221; column_padding_phone=&#8221;inherit&#8221; column_padding_position=&#8221;all&#8221; background_color_opacity=&#8221;1&#8243; background_hover_color_opacity=&#8221;1&#8243; column_shadow=&#8221;none&#8221; column_border_radius=&#8221;none&#8221; column_link_target=&#8221;_self&#8221; gradient_direction=&#8221;left_to_right&#8221; overlay_strength=&#8221;0.3&#8243; width=&#8221;1\/1&#8243;&#8230;<\/p>\n","protected":false},"author":1,"featured_media":0,"parent":0,"menu_order":0,"comment_status":"closed","ping_status":"closed","template":"","meta":[],"_links":{"self":[{"href":"http:\/\/www.centrastudies.org\/index.php?rest_route=\/wp\/v2\/pages\/374"}],"collection":[{"href":"http:\/\/www.centrastudies.org\/index.php?rest_route=\/wp\/v2\/pages"}],"about":[{"href":"http:\/\/www.centrastudies.org\/index.php?rest_route=\/wp\/v2\/types\/page"}],"author":[{"embeddable":true,"href":"http:\/\/www.centrastudies.org\/index.php?rest_route=\/wp\/v2\/users\/1"}],"replies":[{"embeddable":true,"href":"http:\/\/www.centrastudies.org\/index.php?rest_route=%2Fwp%2Fv2%2Fcomments&post=374"}],"version-history":[{"count":58,"href":"http:\/\/www.centrastudies.org\/index.php?rest_route=\/wp\/v2\/pages\/374\/revisions"}],"predecessor-version":[{"id":1234,"href":"http:\/\/www.centrastudies.org\/index.php?rest_route=\/wp\/v2\/pages\/374\/revisions\/1234"}],"wp:attachment":[{"href":"http:\/\/www.centrastudies.org\/index.php?rest_route=%2Fwp%2Fv2%2Fmedia&parent=374"}],"curies":[{"name":"wp","href":"https:\/\/api.w.org\/{rel}","templated":true}]}}